{"id":2215,"date":"2024-01-30T14:36:09","date_gmt":"2024-01-30T20:36:09","guid":{"rendered":"https:\/\/ensech.edu.mx\/?page_id=2215"},"modified":"2024-01-30T14:50:03","modified_gmt":"2024-01-30T20:50:03","slug":"coleccion_02-2-3","status":"publish","type":"page","link":"https:\/\/ensech.edu.mx\/?page_id=2215","title":{"rendered":"Colecci\u00f3n 08"},"content":{"rendered":"<div class=\"wp-block-image\">\n<figure class=\"aligncenter size-full\"><img loading=\"lazy\" decoding=\"async\" width=\"775\" height=\"600\" src=\"https:\/\/ensech.edu.mx\/wp-content\/uploads\/2024\/01\/TP8-00-portada.jpg\" alt=\"\" class=\"wp-image-2236\" srcset=\"https:\/\/ensech.edu.mx\/wp-content\/uploads\/2024\/01\/TP8-00-portada.jpg 775w, https:\/\/ensech.edu.mx\/wp-content\/uploads\/2024\/01\/TP8-00-portada-300x232.jpg 300w, https:\/\/ensech.edu.mx\/wp-content\/uploads\/2024\/01\/TP8-00-portada-768x595.jpg 768w\" sizes=\"auto, (max-width: 775px) 100vw, 775px\" \/><\/figure>\n<\/div>\n\n\n<p><\/p>\n\n\n\n<div class=\"wp-block-columns has-background has-medium-font-size is-layout-flex wp-container-core-columns-is-layout-9d6595d7 wp-block-columns-is-layout-flex\" style=\"background-color:#7f2855\">\n<div class=\"wp-block-column is-layout-flow wp-block-column-is-layout-flow\">\n<p class=\"has-base-3-color has-text-color has-medium-font-size\"><strong>Presentaci\u00f3n<\/strong><\/p>\n\n\n\n<div class=\"wp-block-file\"><a id=\"wp-block-file--media-aef0312a-8de8-48e6-90c7-8d9bc0c9b96f\" href=\"https:\/\/ensech.edu.mx\/wp-content\/uploads\/2024\/01\/TP8-00-presentacion.pdf\">Presentaci\u00f3n<\/a><a href=\"https:\/\/ensech.edu.mx\/wp-content\/uploads\/2024\/01\/TP8-00-presentacion.pdf\" class=\"wp-block-file__button wp-element-button\" download aria-describedby=\"wp-block-file--media-aef0312a-8de8-48e6-90c7-8d9bc0c9b96f\">Descarga<\/a><\/div>\n\n\n\n<p class=\"has-base-3-color has-text-color has-medium-font-size\"><\/p>\n<\/div>\n\n\n\n<div class=\"wp-block-column is-layout-flow wp-block-column-is-layout-flow\">\n<p class=\"has-base-3-color has-text-color has-medium-font-size\"><strong>Pr\u00f3logo<\/strong><\/p>\n\n\n\n<div class=\"wp-block-file\"><a id=\"wp-block-file--media-aef0312a-8de8-48e6-90c7-8d9bc0c9b96f\" href=\"https:\/\/ensech.edu.mx\/wp-content\/uploads\/2024\/01\/TP8-00-prologo.pdf\">Pr\u00f3logo<\/a><a href=\"https:\/\/ensech.edu.mx\/wp-content\/uploads\/2024\/01\/TP8-00-prologo.pdf\" class=\"wp-block-file__button wp-element-button\" download aria-describedby=\"wp-block-file--media-aef0312a-8de8-48e6-90c7-8d9bc0c9b96f\">Descarga<\/a><\/div>\n\n\n\n<p class=\"has-base-3-color has-text-color has-medium-font-size\"><\/p>\n<\/div>\n\n\n\n<div class=\"wp-block-column is-layout-flow wp-block-column-is-layout-flow\">\n<p class=\"has-base-3-color has-text-color has-medium-font-size\"><strong>\u00cdndice<\/strong><\/p>\n\n\n\n<div class=\"wp-block-file\"><a id=\"wp-block-file--media-aef0312a-8de8-48e6-90c7-8d9bc0c9b96f\" href=\"https:\/\/ensech.edu.mx\/wp-content\/uploads\/2024\/01\/TP8-00-indice.pdf\">\u00cdndice<\/a><a href=\"https:\/\/ensech.edu.mx\/wp-content\/uploads\/2024\/01\/TP8-00-indice.pdf\" class=\"wp-block-file__button wp-element-button\" download aria-describedby=\"wp-block-file--media-aef0312a-8de8-48e6-90c7-8d9bc0c9b96f\">Descarga<\/a><\/div>\n\n\n\n<p class=\"has-base-3-color has-text-color has-medium-font-size\"><\/p>\n<\/div>\n\n\n\n<div class=\"wp-block-column is-layout-flow wp-block-column-is-layout-flow\">\n<p class=\"has-base-3-color has-text-color has-medium-font-size\"><strong>Datos legales<\/strong><\/p>\n\n\n\n<div class=\"wp-block-file\"><a id=\"wp-block-file--media-aef0312a-8de8-48e6-90c7-8d9bc0c9b96f\" href=\"https:\/\/ensech.edu.mx\/wp-content\/uploads\/2024\/01\/ISBN-TP08.pdf\">ISBN<\/a><a href=\"https:\/\/ensech.edu.mx\/wp-content\/uploads\/2024\/01\/ISBN-TP08.pdf\" class=\"wp-block-file__button wp-element-button\" download aria-describedby=\"wp-block-file--media-aef0312a-8de8-48e6-90c7-8d9bc0c9b96f\">Descarga<\/a><\/div>\n\n\n\n<p class=\"has-base-3-color has-text-color has-medium-font-size\"><\/p>\n<\/div>\n<\/div>\n\n\n\n<div class=\"wp-block-columns is-layout-flex wp-container-core-columns-is-layout-9d6595d7 wp-block-columns-is-layout-flex\">\n<div class=\"wp-block-column is-layout-flow wp-block-column-is-layout-flow\">\n<p class=\"has-medium-font-size\"><strong>Parte 1 Rezago educativo y pandemia<\/strong><\/p>\n<\/div>\n<\/div>\n\n\n\n<div class=\"wp-block-columns has-background has-medium-font-size is-layout-flex wp-container-core-columns-is-layout-9d6595d7 wp-block-columns-is-layout-flex\" style=\"background-color:#7f2855\">\n<div class=\"wp-block-column is-layout-flow wp-block-column-is-layout-flow\">\n<p class=\"has-base-3-color has-text-color has-medium-font-size\"><span class=\"collapseomatic \" id=\"id69ef82f386dd9\"  tabindex=\"0\" title=\"Impacto de la pandemia COVID-19 en la educaci\u00f3n: rezago, desigualdad y deserci\u00f3n escolar&lt;br&gt;Karely Anah\u00ed Valdez Gonz\u00e1lez\"    >Impacto de la pandemia COVID-19 en la educaci\u00f3n: rezago, desigualdad y deserci\u00f3n escolar<br>Karely Anah\u00ed Valdez Gonz\u00e1lez<\/span><div id=\"target-id69ef82f386dd9\" class=\"collapseomatic_content \">\n\n\n\n<div class=\"wp-block-file\"><a id=\"wp-block-file--media-aef0312a-8de8-48e6-90c7-8d9bc0c9b96f\" href=\"https:\/\/ensech.edu.mx\/wp-content\/uploads\/2024\/01\/TP8-1-1-Valdez.pdf\">1-1-Valdez<\/a><a href=\"https:\/\/ensech.edu.mx\/wp-content\/uploads\/2024\/01\/TP8-1-1-Valdez.pdf\" class=\"wp-block-file__button wp-element-button\" download aria-describedby=\"wp-block-file--media-aef0312a-8de8-48e6-90c7-8d9bc0c9b96f\">Descarga<\/a><\/div>\n\n\n\n<p class=\"has-base-3-color has-text-color has-medium-font-size\"><\/div>\n\n\n\n<p class=\"has-base-3-color has-text-color has-medium-font-size\"><\/p>\n<\/div>\n<\/div>\n\n\n\n<div class=\"wp-block-columns has-background has-medium-font-size is-layout-flex wp-container-core-columns-is-layout-9d6595d7 wp-block-columns-is-layout-flex\" style=\"background-color:#7f2855\">\n<div class=\"wp-block-column is-layout-flow wp-block-column-is-layout-flow\">\n<p class=\"has-base-3-color has-text-color has-medium-font-size\"><span class=\"collapseomatic \" id=\"id69ef82f386e57\"  tabindex=\"0\" title=\"Estrategias innovadoras para combatir el rezago y el abandono escolar tras el confinamiento&lt;br&gt;Yesenia Ru\u00edz Nev\u00e1rez\"    >Estrategias innovadoras para combatir el rezago y el abandono escolar tras el confinamiento<br>Yesenia Ru\u00edz Nev\u00e1rez<\/span><div id=\"target-id69ef82f386e57\" class=\"collapseomatic_content \">\n\n\n\n<div class=\"wp-block-file\"><a id=\"wp-block-file--media-aef0312a-8de8-48e6-90c7-8d9bc0c9b96f\" href=\"https:\/\/ensech.edu.mx\/wp-content\/uploads\/2024\/01\/TP8-1-2-Ruiz.pdf\">1-2-Ruiz<\/a><a href=\"https:\/\/ensech.edu.mx\/wp-content\/uploads\/2024\/01\/TP8-1-2-Ruiz.pdf\" class=\"wp-block-file__button wp-element-button\" download aria-describedby=\"wp-block-file--media-aef0312a-8de8-48e6-90c7-8d9bc0c9b96f\">Descarga<\/a><\/div>\n\n\n\n<p class=\"has-base-3-color has-text-color has-medium-font-size\"><\/div>\n\n\n\n<p class=\"has-base-3-color has-text-color has-medium-font-size\"><\/p>\n<\/div>\n<\/div>\n\n\n\n<div class=\"wp-block-columns has-background has-medium-font-size is-layout-flex wp-container-core-columns-is-layout-9d6595d7 wp-block-columns-is-layout-flex\" style=\"background-color:#7f2855\">\n<div class=\"wp-block-column is-layout-flow wp-block-column-is-layout-flow\">\n<p class=\"has-base-3-color has-text-color has-medium-font-size\"><span class=\"collapseomatic \" id=\"id69ef82f386e8c\"  tabindex=\"0\" title=\"Asesor\u00edas como herramienta para disminuir el rezago acad\u00e9mico&lt;br&gt;Evelyn Cristina Mart\u00ednez Maldonado\"    >Asesor\u00edas como herramienta para disminuir el rezago acad\u00e9mico<br>Evelyn Cristina Mart\u00ednez Maldonado<\/span><div id=\"target-id69ef82f386e8c\" class=\"collapseomatic_content \">\n\n\n\n<div class=\"wp-block-file\"><a id=\"wp-block-file--media-aef0312a-8de8-48e6-90c7-8d9bc0c9b96f\" href=\"https:\/\/ensech.edu.mx\/wp-content\/uploads\/2024\/01\/TP8-1-3-Martinez.pdf\">1-3-Martinez<\/a><a href=\"href=\"https:\/\/ensech.edu.mx\/wp-content\/uploads\/2024\/01\/TP8-1-3-Martinez.pdf\" class=\"wp-block-file__button wp-element-button\" download aria-describedby=\"wp-block-file--media-aef0312a-8de8-48e6-90c7-8d9bc0c9b96f\">Descarga<\/a><\/div>\n\n\n\n<p class=\"has-base-3-color has-text-color has-medium-font-size\"><\/div>\n\n\n\n<p class=\"has-base-3-color has-text-color has-medium-font-size\"><\/p>\n<\/div>\n<\/div>\n\n\n\n<div class=\"wp-block-columns has-background has-medium-font-size is-layout-flex wp-container-core-columns-is-layout-9d6595d7 wp-block-columns-is-layout-flex\" style=\"background-color:#7f2855\">\n<div class=\"wp-block-column is-layout-flow wp-block-column-is-layout-flow\">\n<p class=\"has-base-3-color has-text-color has-medium-font-size\"><span class=\"collapseomatic \" id=\"id69ef82f386eba\"  tabindex=\"0\" title=\"Rezago escolar, desaf\u00edo para la evaluaci\u00f3n diagn\u00f3stica&lt;br&gt;Jos\u00e9 Luis Garc\u00eda Leos\"    >Rezago escolar, desaf\u00edo para la evaluaci\u00f3n diagn\u00f3stica<br>Jos\u00e9 Luis Garc\u00eda Leos<\/span><div id=\"target-id69ef82f386eba\" class=\"collapseomatic_content \">\n\n\n\n<div class=\"wp-block-file\"><a id=\"wp-block-file--media-aef0312a-8de8-48e6-90c7-8d9bc0c9b96f\" href=\"https:\/\/ensech.edu.mx\/wp-content\/uploads\/2024\/01\/TP8-1-4-Garcia-Leos.pdf\">1-4-Garcia-Leos<\/a><a href=\"https:\/\/ensech.edu.mx\/wp-content\/uploads\/2024\/01\/TP8-1-4-Garcia-Leos.pdf\" class=\"wp-block-file__button wp-element-button\" download aria-describedby=\"wp-block-file--media-aef0312a-8de8-48e6-90c7-8d9bc0c9b96f\">Descarga<\/a><\/div>\n\n\n\n<p class=\"has-base-3-color has-text-color has-medium-font-size\"><\/div>\n\n\n\n<p class=\"has-base-3-color has-text-color has-medium-font-size\"><\/p>\n<\/div>\n<\/div>\n\n\n\n<div class=\"wp-block-columns has-background has-medium-font-size is-layout-flex wp-container-core-columns-is-layout-9d6595d7 wp-block-columns-is-layout-flex\" style=\"background-color:#7f2855\">\n<div class=\"wp-block-column is-layout-flow wp-block-column-is-layout-flow\">\n<p class=\"has-base-3-color has-text-color has-medium-font-size\"><span class=\"collapseomatic \" id=\"id69ef82f386ee4\"  tabindex=\"0\" title=\"El rezago educativo: una responsabilidad muy poco comprometida&lt;br&gt;Belma Janeth Acosta Varela\"    >El rezago educativo: una responsabilidad muy poco comprometida<br>Belma Janeth Acosta Varela<\/span><div id=\"target-id69ef82f386ee4\" class=\"collapseomatic_content \">\n\n\n\n<div class=\"wp-block-file\"><a id=\"wp-block-file--media-aef0312a-8de8-48e6-90c7-8d9bc0c9b96f\" href=\"https:\/\/ensech.edu.mx\/wp-content\/uploads\/2024\/01\/TP8-1-5-Acosta.pdf\">1-5-Acosta<\/a><a href=\"https:\/\/ensech.edu.mx\/wp-content\/uploads\/2024\/01\/TP8-1-5-Acosta.pdf\" class=\"wp-block-file__button wp-element-button\" download aria-describedby=\"wp-block-file--media-aef0312a-8de8-48e6-90c7-8d9bc0c9b96f\">Descarga<\/a><\/div>\n\n\n\n<p class=\"has-base-3-color has-text-color has-medium-font-size\"><\/div>\n\n\n\n<p class=\"has-base-3-color has-text-color has-medium-font-size\"><\/p>\n<\/div>\n<\/div>\n\n\n\n<div class=\"wp-block-columns has-background has-medium-font-size is-layout-flex wp-container-core-columns-is-layout-9d6595d7 wp-block-columns-is-layout-flex\" style=\"background-color:#7f2855\">\n<div class=\"wp-block-column is-layout-flow wp-block-column-is-layout-flow\">\n<p class=\"has-base-3-color has-text-color has-medium-font-size\"><span class=\"collapseomatic \" id=\"id69ef82f386f0c\"  tabindex=\"0\" title=\"Procesos neurocognitivos derivados de la aparici\u00f3n del SARS-CoV-2&lt;br&gt;Manuel Francisco M\u00e1rquez Jurado\"    >Procesos neurocognitivos derivados de la aparici\u00f3n del SARS-CoV-2<br>Manuel Francisco M\u00e1rquez Jurado<\/span><div id=\"target-id69ef82f386f0c\" class=\"collapseomatic_content \">\n\n\n\n<div class=\"wp-block-file\"><a id=\"wp-block-file--media-aef0312a-8de8-48e6-90c7-8d9bc0c9b96f\" href=\"https:\/\/ensech.edu.mx\/wp-content\/uploads\/2024\/01\/TP8-1-6-Marquez.pdf\">1-6-Marquez<\/a><a href=\"https:\/\/ensech.edu.mx\/wp-content\/uploads\/2024\/01\/TP8-1-6-Marquez.pdf\" class=\"wp-block-file__button wp-element-button\" download aria-describedby=\"wp-block-file--media-aef0312a-8de8-48e6-90c7-8d9bc0c9b96f\">Descarga<\/a><\/div>\n\n\n\n<p class=\"has-base-3-color has-text-color has-medium-font-size\"><\/div>\n\n\n\n<p class=\"has-base-3-color has-text-color has-medium-font-size\"><\/p>\n<\/div>\n<\/div>\n\n\n\n<div class=\"wp-block-columns is-layout-flex wp-container-core-columns-is-layout-9d6595d7 wp-block-columns-is-layout-flex\">\n<div class=\"wp-block-column is-layout-flow wp-block-column-is-layout-flow\">\n<p class=\"has-medium-font-size\"><strong>Parte 2 <strong><strong><strong>El rezago educativo por niveles<\/strong><\/strong><\/strong><\/strong><\/p>\n<\/div>\n<\/div>\n\n\n\n<div class=\"wp-block-columns has-background has-medium-font-size is-layout-flex wp-container-core-columns-is-layout-9d6595d7 wp-block-columns-is-layout-flex\" style=\"background-color:#7f2855\">\n<div class=\"wp-block-column is-layout-flow wp-block-column-is-layout-flow\">\n<p class=\"has-base-3-color has-text-color has-medium-font-size\"><span class=\"collapseomatic \" id=\"id69ef82f386f33\"  tabindex=\"0\" title=\"Compensaci\u00f3n de aprendizajes clave tras el confinamiento: a un paso de ir a primaria&lt;br&gt;Jazm\u00edn Berenice Pompa Ram\u00edrez\"    >Compensaci\u00f3n de aprendizajes clave tras el confinamiento: a un paso de ir a primaria<br>Jazm\u00edn Berenice Pompa Ram\u00edrez<\/span><div id=\"target-id69ef82f386f33\" class=\"collapseomatic_content \">\n\n\n\n<div class=\"wp-block-file\"><a id=\"wp-block-file--media-aef0312a-8de8-48e6-90c7-8d9bc0c9b96f\" href=\"https:\/\/ensech.edu.mx\/wp-content\/uploads\/2024\/01\/TP8-2-1-Pompa.pdf\">2-1-Pompa<\/a><a href=\"https:\/\/ensech.edu.mx\/wp-content\/uploads\/2024\/01\/TP8-2-1-Pompa.pdf\" class=\"wp-block-file__button wp-element-button\" download aria-describedby=\"wp-block-file--media-aef0312a-8de8-48e6-90c7-8d9bc0c9b96f\">Descarga<\/a><\/div>\n\n\n\n<p class=\"has-base-3-color has-text-color has-medium-font-size\"><\/div>\n<\/div>\n<\/div>\n\n\n\n<div class=\"wp-block-columns has-background has-medium-font-size is-layout-flex wp-container-core-columns-is-layout-9d6595d7 wp-block-columns-is-layout-flex\" style=\"background-color:#7f2855\">\n<div class=\"wp-block-column is-layout-flow wp-block-column-is-layout-flow\">\n<p class=\"has-base-3-color has-text-color has-medium-font-size\"><span class=\"collapseomatic \" id=\"id69ef82f386f5b\"  tabindex=\"0\" title=\"Rezago escolar en aprendizajes clave de Espa\u00f1ol en secundaria: consecuencia directa de la pandemia&lt;br&gt;Ana Victoria S\u00e1nchez Urbina\"    >Rezago escolar en aprendizajes clave de Espa\u00f1ol en secundaria: consecuencia directa de la pandemia<br>Ana Victoria S\u00e1nchez Urbina<\/span><div id=\"target-id69ef82f386f5b\" class=\"collapseomatic_content \">\n\n\n\n<div class=\"wp-block-file\"><a id=\"wp-block-file--media-aef0312a-8de8-48e6-90c7-8d9bc0c9b96f\" href=\"https:\/\/ensech.edu.mx\/wp-content\/uploads\/2024\/01\/TP8-2-2-Sanchez.pdf\">2-2-Sanchez<\/a><a href=\"https:\/\/ensech.edu.mx\/wp-content\/uploads\/2024\/01\/TP8-2-2-Sanchez.pdf\" class=\"wp-block-file__button wp-element-button\" download aria-describedby=\"wp-block-file--media-aef0312a-8de8-48e6-90c7-8d9bc0c9b96f\">Descarga<\/a><\/div>\n\n\n\n<p class=\"has-base-3-color has-text-color has-medium-font-size\"><\/div>\n<\/div>\n<\/div>\n\n\n\n<div class=\"wp-block-columns has-background has-medium-font-size is-layout-flex wp-container-core-columns-is-layout-9d6595d7 wp-block-columns-is-layout-flex\" style=\"background-color:#7f2855\">\n<div class=\"wp-block-column is-layout-flow wp-block-column-is-layout-flow\">\n<p class=\"has-base-3-color has-text-color has-medium-font-size\"><span class=\"collapseomatic \" id=\"id69ef82f386f81\"  tabindex=\"0\" title=\"Abandono escolar y rescate de alumnos de Telesecundaria en la Sierra: un reto pospandemia&lt;br&gt;Joel Morales Rivas\"    >Abandono escolar y rescate de alumnos de Telesecundaria en la Sierra: un reto pospandemia<br>Joel Morales Rivas<\/span><div id=\"target-id69ef82f386f81\" class=\"collapseomatic_content \">\n\n\n\n<div class=\"wp-block-file\"><a id=\"wp-block-file--media-aef0312a-8de8-48e6-90c7-8d9bc0c9b96f\" href=\"https:\/\/ensech.edu.mx\/wp-content\/uploads\/2024\/01\/TP8-2-3-Morales.pdf\">2-3-Morales<\/a><a href=\"https:\/\/ensech.edu.mx\/wp-content\/uploads\/2024\/01\/TP8-2-3-Morales.pdf\" class=\"wp-block-file__button wp-element-button\" download aria-describedby=\"wp-block-file--media-aef0312a-8de8-48e6-90c7-8d9bc0c9b96f\">Descarga<\/a><\/div>\n\n\n\n<p class=\"has-base-3-color has-text-color has-medium-font-size\"><\/div>\n<\/div>\n<\/div>\n\n\n\n<div class=\"wp-block-columns has-background has-medium-font-size is-layout-flex wp-container-core-columns-is-layout-9d6595d7 wp-block-columns-is-layout-flex\" style=\"background-color:#7f2855\">\n<div class=\"wp-block-column is-layout-flow wp-block-column-is-layout-flow\">\n<p class=\"has-base-3-color has-text-color has-medium-font-size\"><span class=\"collapseomatic \" id=\"id69ef82f386fa6\"  tabindex=\"0\" title=\"La educaci\u00f3n superior durante y despu\u00e9s de la pandemia. El caso Chihuahua&lt;br&gt;Guadalupe Elvira Garc\u00eda Cort\u00e9s\"    >La educaci\u00f3n superior durante y despu\u00e9s de la pandemia. El caso Chihuahua<br>Guadalupe Elvira Garc\u00eda Cort\u00e9s<\/span><div id=\"target-id69ef82f386fa6\" class=\"collapseomatic_content \">\n\n\n\n<div class=\"wp-block-file\"><a id=\"wp-block-file--media-aef0312a-8de8-48e6-90c7-8d9bc0c9b96f\" href=\"https:\/\/ensech.edu.mx\/wp-content\/uploads\/2024\/01\/TP8-2-4-Garcia.pdf\">2-4-Garcia<\/a><a href=\"https:\/\/ensech.edu.mx\/wp-content\/uploads\/2024\/01\/TP8-2-4-Garcia.pdf\" class=\"wp-block-file__button wp-element-button\" download aria-describedby=\"wp-block-file--media-aef0312a-8de8-48e6-90c7-8d9bc0c9b96f\">Descarga<\/a><\/div>\n\n\n\n<p class=\"has-base-3-color has-text-color has-medium-font-size\"><\/div>\n<\/div>\n<\/div>\n\n\n\n<p class=\"has-medium-font-size\"><strong>Parte 3 Rezago y actores educativo<\/strong><\/p>\n\n\n\n<div class=\"wp-block-columns has-background has-medium-font-size is-layout-flex wp-container-core-columns-is-layout-9d6595d7 wp-block-columns-is-layout-flex\" style=\"background-color:#7f2855\">\n<div class=\"wp-block-column is-layout-flow wp-block-column-is-layout-flow\">\n<p class=\"has-base-3-color has-text-color has-medium-font-size\"><span class=\"collapseomatic \" id=\"id69ef82f386fcb\"  tabindex=\"0\" title=\"Las maestras durante la pandemia por COVID-19: burnout docente, causas e impresiones&lt;br&gt;Anna Karen Ronquillo Holgu\u00edn\"    >Las maestras durante la pandemia por COVID-19: burnout docente, causas e impresiones<br>Anna Karen Ronquillo Holgu\u00edn<\/span><div id=\"target-id69ef82f386fcb\" class=\"collapseomatic_content \">\n\n\n\n<div class=\"wp-block-file\"><a id=\"wp-block-file--media-aef0312a-8de8-48e6-90c7-8d9bc0c9b96f\" href=\"https:\/\/ensech.edu.mx\/wp-content\/uploads\/2024\/01\/TP8-3-1-Ronquillo.pdf\">3-1-Ronquillo<\/a><a href=\"https:\/\/ensech.edu.mx\/wp-content\/uploads\/2024\/01\/TP8-3-1-Ronquillo.pdf\" class=\"wp-block-file__button wp-element-button\" download aria-describedby=\"wp-block-file--media-aef0312a-8de8-48e6-90c7-8d9bc0c9b96f\">Descarga<\/a><\/div>\n\n\n\n<p class=\"has-base-3-color has-text-color has-medium-font-size\"><\/div>\n<\/div>\n<\/div>\n\n\n\n<div class=\"wp-block-columns has-background has-medium-font-size is-layout-flex wp-container-core-columns-is-layout-9d6595d7 wp-block-columns-is-layout-flex\" style=\"background-color:#7f2855\">\n<div class=\"wp-block-column is-layout-flow wp-block-column-is-layout-flow\">\n<p class=\"has-base-3-color has-text-color has-medium-font-size\"><span class=\"collapseomatic \" id=\"id69ef82f386ff0\"  tabindex=\"0\" title=\"El burnout docente: Los estragos de la pandemia&lt;br&gt;Alhel\u00ed Armend\u00e1riz Guti\u00e9rrez\"    >El burnout docente: Los estragos de la pandemia<br>Alhel\u00ed Armend\u00e1riz Guti\u00e9rrez<\/span><div id=\"target-id69ef82f386ff0\" class=\"collapseomatic_content \">\n\n\n\n<div class=\"wp-block-file\"><a id=\"wp-block-file--media-aef0312a-8de8-48e6-90c7-8d9bc0c9b96f\" href=\"https:\/\/ensech.edu.mx\/wp-content\/uploads\/2024\/01\/TP8-3-2-Armendariz.pdf\">3-2-Armendariz<\/a><a href=\"https:\/\/ensech.edu.mx\/wp-content\/uploads\/2024\/01\/TP8-3-2-Armendariz.pdf\" class=\"wp-block-file__button wp-element-button\" download aria-describedby=\"wp-block-file--media-aef0312a-8de8-48e6-90c7-8d9bc0c9b96f\">Descarga<\/a><\/div>\n\n\n\n<p class=\"has-base-3-color has-text-color has-medium-font-size\"><\/div>\n<\/div>\n<\/div>\n\n\n\n<div class=\"wp-block-columns has-background has-medium-font-size is-layout-flex wp-container-core-columns-is-layout-9d6595d7 wp-block-columns-is-layout-flex\" style=\"background-color:#7f2855\">\n<div class=\"wp-block-column is-layout-flow wp-block-column-is-layout-flow\">\n<p class=\"has-base-3-color has-text-color has-medium-font-size\"><span class=\"collapseomatic \" id=\"id69ef82f387015\"  tabindex=\"0\" title=\"Importancia del asesor t\u00e9cnico pedag\u00f3gico en el sistema educativo&lt;br&gt;Joel Horacio Orozco Gonz\u00e1lez\"    >Importancia del asesor t\u00e9cnico pedag\u00f3gico en el sistema educativo<br>Joel Horacio Orozco Gonz\u00e1lez<\/span><div id=\"target-id69ef82f387015\" class=\"collapseomatic_content \">\n\n\n\n<div class=\"wp-block-file\"><a id=\"wp-block-file--media-aef0312a-8de8-48e6-90c7-8d9bc0c9b96f\" href=\"https:\/\/ensech.edu.mx\/wp-content\/uploads\/2024\/01\/TP8-3-3-Orozco.pdf\">3-3-Orozco<\/a><a href=\"https:\/\/ensech.edu.mx\/wp-content\/uploads\/2024\/01\/TP8-3-3-Orozco.pdf\" class=\"wp-block-file__button wp-element-button\" download aria-describedby=\"wp-block-file--media-aef0312a-8de8-48e6-90c7-8d9bc0c9b96f\">Descarga<\/a><\/div>\n\n\n\n<p class=\"has-base-3-color has-text-color has-medium-font-size\"><\/div>\n<\/div>\n<\/div>\n\n\n\n<div class=\"wp-block-columns has-background has-medium-font-size is-layout-flex wp-container-core-columns-is-layout-9d6595d7 wp-block-columns-is-layout-flex\" style=\"background-color:#7f2855\">\n<div class=\"wp-block-column is-layout-flow wp-block-column-is-layout-flow\">\n<p class=\"has-base-3-color has-text-color has-medium-font-size\"><span class=\"collapseomatic \" id=\"id69ef82f38703d\"  tabindex=\"0\" title=\"Revolucionando el papel de la supervisi\u00f3n escolar para abatir el rezago, deserci\u00f3n y abandono escolar&lt;br&gt;Luis Armando P\u00e9rez N\u00fa\u00f1ez\"    >Revolucionando el papel de la supervisi\u00f3n escolar para abatir el rezago, deserci\u00f3n y abandono escolar<br>Luis Armando P\u00e9rez N\u00fa\u00f1ez<\/span><div id=\"target-id69ef82f38703d\" class=\"collapseomatic_content \">\n\n\n\n<div class=\"wp-block-file\"><a id=\"wp-block-file--media-aef0312a-8de8-48e6-90c7-8d9bc0c9b96f\" href=\"https:\/\/ensech.edu.mx\/wp-content\/uploads\/2024\/01\/TP8-3-4-Perez.pdf\">3-4-Perez<\/a><a href=\"https:\/\/ensech.edu.mx\/wp-content\/uploads\/2024\/01\/TP8-3-4-Perez.pdf\" class=\"wp-block-file__button wp-element-button\" download aria-describedby=\"wp-block-file--media-aef0312a-8de8-48e6-90c7-8d9bc0c9b96f\">Descarga<\/a><\/div>\n\n\n\n<p class=\"has-base-3-color has-text-color has-medium-font-size\"><\/div>\n<\/div>\n<\/div>\n\n\n\n<div class=\"wp-block-columns has-background has-medium-font-size is-layout-flex wp-container-core-columns-is-layout-9d6595d7 wp-block-columns-is-layout-flex\" style=\"background-color:#7f2855\">\n<div class=\"wp-block-column is-layout-flow wp-block-column-is-layout-flow\">\n<p class=\"has-base-3-color has-text-color has-medium-font-size\"><span class=\"collapseomatic \" id=\"id69ef82f387063\"  tabindex=\"0\" title=\"Precariedad laboral del magisterio de educaci\u00f3n b\u00e1sica en M\u00e9xico, \u00bfefectos de la pandemia o consecuencia de las reformas neoliberales?&lt;br&gt;Jes\u00fas Adolfo Trujillo Holgu\u00edn\"    >Precariedad laboral del magisterio de educaci\u00f3n b\u00e1sica en M\u00e9xico, \u00bfefectos de la pandemia o consecuencia de las reformas neoliberales?<br>Jes\u00fas Adolfo Trujillo Holgu\u00edn<\/span><div id=\"target-id69ef82f387063\" class=\"collapseomatic_content \">\n\n\n\n<div class=\"wp-block-file\"><a id=\"wp-block-file--media-aef0312a-8de8-48e6-90c7-8d9bc0c9b96f\" href=\"https:\/\/ensech.edu.mx\/wp-content\/uploads\/2024\/01\/TP8-3-5-Trujillo.pdf\">3-5-Trujillo<\/a><a href=\"https:\/\/ensech.edu.mx\/wp-content\/uploads\/2024\/01\/TP8-3-5-Trujillo.pdf\" class=\"wp-block-file__button wp-element-button\" download aria-describedby=\"wp-block-file--media-aef0312a-8de8-48e6-90c7-8d9bc0c9b96f\">Descarga<\/a><\/div>\n\n\n\n<p class=\"has-base-3-color has-text-color has-medium-font-size\"><\/div>\n<\/div>\n<\/div>\n\n\n\n<p class=\"has-medium-font-size\"><strong>Parte 4 <strong><strong>Rezago, familia y educaci\u00f3n socioemocional<\/strong><\/strong><\/strong><\/p>\n\n\n\n<div class=\"wp-block-columns has-background has-medium-font-size is-layout-flex wp-container-core-columns-is-layout-9d6595d7 wp-block-columns-is-layout-flex\" style=\"background-color:#7f2855\">\n<div class=\"wp-block-column is-layout-flow wp-block-column-is-layout-flow\">\n<p class=\"has-base-3-color has-text-color has-medium-font-size\"><span class=\"collapseomatic \" id=\"id69ef82f387089\"  tabindex=\"0\" title=\"El rezago en alumnos con TDAH a nivel primaria, la importancia de la familia&lt;br&gt;Abelardo Meraz Muro\"    >El rezago en alumnos con TDAH a nivel primaria, la importancia de la familia<br>Abelardo Meraz Muro<\/span><div id=\"target-id69ef82f387089\" class=\"collapseomatic_content \">\n\n\n\n<div class=\"wp-block-file\"><a id=\"wp-block-file--media-aef0312a-8de8-48e6-90c7-8d9bc0c9b96f\" href=\"https:\/\/ensech.edu.mx\/wp-content\/uploads\/2024\/01\/TP8-4-1-Meraz.pdf\">4-1-Meraz<\/a><a href=\"https:\/\/ensech.edu.mx\/wp-content\/uploads\/2024\/01\/TP8-4-1-Meraz.pdf\" class=\"wp-block-file__button wp-element-button\" download aria-describedby=\"wp-block-file--media-aef0312a-8de8-48e6-90c7-8d9bc0c9b96f\">Descarga<\/a><\/div>\n\n\n\n<p class=\"has-base-3-color has-text-color has-medium-font-size\"><\/div>\n<\/div>\n<\/div>\n\n\n\n<div class=\"wp-block-columns has-background has-medium-font-size is-layout-flex wp-container-core-columns-is-layout-9d6595d7 wp-block-columns-is-layout-flex\" style=\"background-color:#7f2855\">\n<div class=\"wp-block-column is-layout-flow wp-block-column-is-layout-flow\">\n<p class=\"has-base-3-color has-text-color has-medium-font-size\"><span class=\"collapseomatic \" id=\"id69ef82f3870c8\"  tabindex=\"0\" title=\"El entorno familiar: primer refuerzo para la permanencia acad\u00e9mica en la escuela&lt;br&gt;Julio C\u00e9sar G\u00f3mez G\u00e1ndara\"    >El entorno familiar: primer refuerzo para la permanencia acad\u00e9mica en la escuela<br>Julio C\u00e9sar G\u00f3mez G\u00e1ndara<\/span><div id=\"target-id69ef82f3870c8\" class=\"collapseomatic_content \">\n\n\n\n<div class=\"wp-block-file\"><a id=\"wp-block-file--media-aef0312a-8de8-48e6-90c7-8d9bc0c9b96f\" href=\"https:\/\/ensech.edu.mx\/wp-content\/uploads\/2024\/01\/TP8-4-2-Gomez.pdf\">4-2-Gomez<\/a><a href=\"https:\/\/ensech.edu.mx\/wp-content\/uploads\/2024\/01\/TP8-4-2-Gomez.pdf\" class=\"wp-block-file__button wp-element-button\" download aria-describedby=\"wp-block-file--media-aef0312a-8de8-48e6-90c7-8d9bc0c9b96f\">Descarga<\/a><\/div>\n\n\n\n<p class=\"has-base-3-color has-text-color has-medium-font-size\"><\/div>\n<\/div>\n<\/div>\n\n\n\n<div class=\"wp-block-columns has-background has-medium-font-size is-layout-flex wp-container-core-columns-is-layout-9d6595d7 wp-block-columns-is-layout-flex\" style=\"background-color:#7f2855\">\n<div class=\"wp-block-column is-layout-flow wp-block-column-is-layout-flow\">\n<p class=\"has-base-3-color has-text-color has-medium-font-size\"><span class=\"collapseomatic \" id=\"id69ef82f3870ef\"  tabindex=\"0\" title=\"El papel de las emociones en los procesos educativos&lt;br&gt;Mario Bryan Moreno Campos\"    >El papel de las emociones en los procesos educativos<br>Mario Bryan Moreno Campos<\/span><div id=\"target-id69ef82f3870ef\" class=\"collapseomatic_content \">\n\n\n\n<div class=\"wp-block-file\"><a id=\"wp-block-file--media-aef0312a-8de8-48e6-90c7-8d9bc0c9b96f\" href=\"https:\/\/ensech.edu.mx\/wp-content\/uploads\/2024\/01\/TP8-4-3-Moreno.pdf\">4-3-Moreno<\/a><a href=\"https:\/\/ensech.edu.mx\/wp-content\/uploads\/2024\/01\/TP8-4-3-Moreno.pdf\" class=\"wp-block-file__button wp-element-button\" download aria-describedby=\"wp-block-file--media-aef0312a-8de8-48e6-90c7-8d9bc0c9b96f\">Descarga<\/a><\/div>\n\n\n\n<p class=\"has-base-3-color has-text-color has-medium-font-size\"><\/div>\n<\/div>\n<\/div>\n\n\n\n<div class=\"wp-block-columns has-background has-medium-font-size is-layout-flex wp-container-core-columns-is-layout-9d6595d7 wp-block-columns-is-layout-flex\" style=\"background-color:#7f2855\">\n<div class=\"wp-block-column is-layout-flow wp-block-column-is-layout-flow\">\n<p class=\"has-base-3-color has-text-color has-medium-font-size\"><span class=\"collapseomatic \" id=\"id69ef82f387113\"  tabindex=\"0\" title=\"Estrategias de autocontrol emocional en los alumnos de preescolar despu\u00e9s del confinamiento&lt;br&gt;Dayana Iveth Torres Torres\"    >Estrategias de autocontrol emocional en los alumnos de preescolar despu\u00e9s del confinamiento<br>Dayana Iveth Torres Torres<\/span><div id=\"target-id69ef82f387113\" class=\"collapseomatic_content \">\n\n\n\n<div class=\"wp-block-file\"><a id=\"wp-block-file--media-aef0312a-8de8-48e6-90c7-8d9bc0c9b96f\" href=\"https:\/\/ensech.edu.mx\/wp-content\/uploads\/2024\/01\/TP8-4-4-Torres.pdf\">4-4-Torres<\/a><a href=\"https:\/\/ensech.edu.mx\/wp-content\/uploads\/2024\/01\/TP8-4-4-Torres.pdf\" class=\"wp-block-file__button wp-element-button\" download aria-describedby=\"wp-block-file--media-aef0312a-8de8-48e6-90c7-8d9bc0c9b96f\">Descarga<\/a><\/div>\n\n\n\n<p class=\"has-base-3-color has-text-color has-medium-font-size\"><\/div>\n<\/div>\n<\/div>\n\n\n\n<div class=\"wp-block-columns has-background has-medium-font-size is-layout-flex wp-container-core-columns-is-layout-9d6595d7 wp-block-columns-is-layout-flex\" style=\"background-color:#7f2855\">\n<div class=\"wp-block-column is-layout-flow wp-block-column-is-layout-flow\">\n<p class=\"has-base-3-color has-text-color has-medium-font-size\"><span class=\"collapseomatic \" id=\"id69ef82f387138\"  tabindex=\"0\" title=\"Las habilidades socioemocionales en los ni\u00f1os y adolescentes durante y despu\u00e9s del confinamiento&lt;br&gt;Ana Cristina Montes Vega\"    >Las habilidades socioemocionales en los ni\u00f1os y adolescentes durante y despu\u00e9s del confinamiento<br>Ana Cristina Montes Vega<\/span><div id=\"target-id69ef82f387138\" class=\"collapseomatic_content \">\n\n\n\n<div class=\"wp-block-file\"><a id=\"wp-block-file--media-aef0312a-8de8-48e6-90c7-8d9bc0c9b96f\" href=\"https:\/\/ensech.edu.mx\/wp-content\/uploads\/2024\/01\/TP8-4-5-Montes.pdf\">4-5-Montes<\/a><a href=\"https:\/\/ensech.edu.mx\/wp-content\/uploads\/2024\/01\/TP8-4-5-Montes.pdf\" class=\"wp-block-file__button wp-element-button\" download aria-describedby=\"wp-block-file--media-aef0312a-8de8-48e6-90c7-8d9bc0c9b96f\">Descarga<\/a><\/div>\n\n\n\n<p class=\"has-base-3-color has-text-color has-medium-font-size\"><\/div>\n<\/div>\n<\/div>\n","protected":false},"excerpt":{"rendered":"<p>Presentaci\u00f3n Presentaci\u00f3nDescarga Pr\u00f3logo Pr\u00f3logoDescarga \u00cdndice \u00cdndiceDescarga Datos legales ISBNDescarga Parte 1 Rezago educativo y pandemia Parte 2 El rezago educativo por niveles Parte 3 Rezago y actores educativo Parte 4 Rezago, familia y educaci\u00f3n socioemocional<\/p>\n","protected":false},"author":1,"featured_media":0,"parent":0,"menu_order":0,"comment_status":"closed","ping_status":"closed","template":"","meta":{"footnotes":""},"class_list":["post-2215","page","type-page","status-publish"],"_links":{"self":[{"href":"https:\/\/ensech.edu.mx\/index.php?rest_route=\/wp\/v2\/pages\/2215","targetHints":{"allow":["GET"]}}],"collection":[{"href":"https:\/\/ensech.edu.mx\/index.php?rest_route=\/wp\/v2\/pages"}],"about":[{"href":"https:\/\/ensech.edu.mx\/index.php?rest_route=\/wp\/v2\/types\/page"}],"author":[{"embeddable":true,"href":"https:\/\/ensech.edu.mx\/index.php?rest_route=\/wp\/v2\/users\/1"}],"replies":[{"embeddable":true,"href":"https:\/\/ensech.edu.mx\/index.php?rest_route=%2Fwp%2Fv2%2Fcomments&post=2215"}],"version-history":[{"count":6,"href":"https:\/\/ensech.edu.mx\/index.php?rest_route=\/wp\/v2\/pages\/2215\/revisions"}],"predecessor-version":[{"id":2267,"href":"https:\/\/ensech.edu.mx\/index.php?rest_route=\/wp\/v2\/pages\/2215\/revisions\/2267"}],"wp:attachment":[{"href":"https:\/\/ensech.edu.mx\/index.php?rest_route=%2Fwp%2Fv2%2Fmedia&parent=2215"}],"curies":[{"name":"wp","href":"https:\/\/api.w.org\/{rel}","templated":true}]}}